{"id":286,"date":"2020-12-10T08:43:43","date_gmt":"2020-12-10T08:43:43","guid":{"rendered":"http:\/\/adriamusic.cat\/?page_id=286"},"modified":"2021-03-20T18:56:19","modified_gmt":"2021-03-20T18:56:19","slug":"bio-2","status":"publish","type":"page","link":"http:\/\/adriamusic.cat\/index.php\/sc\/bio-2\/","title":{"rendered":"Bio"},"content":{"rendered":"\n<p><strong>Adri\u00e0 Mor, m\u00fasica catalanosarda<\/strong> | m\u00f9sica sarducatalana<\/p>\n\n\n\n<p>In su 2019 apo cumintzadu a cump\u00f2nnere <em>Lo somr\u00eds de la magrana<\/em>, comente a banda sonora pro su programma <em>Adri\u00e0 &#8211; Beni cun me<\/em>, prod\u00f9sidu dae EjaTV e Terra de Punt pro RAI3:<\/p>\n\n\n\n<figure class=\"wp-block-image size-large\"><a href=\"https:\/\/www.facebook.com\/webtvdesaslimbasdesardigna\/videos\/231723468463924\/\" target=\"_blank\" rel=\"noopener\"><img loading=\"lazy\" decoding=\"async\" width=\"1015\" height=\"571\" src=\"http:\/\/adriamusic.cat\/wp-content\/uploads\/2021\/01\/imatge-2.png\" alt=\"\" class=\"wp-image-529\" srcset=\"http:\/\/adriamusic.cat\/wp-content\/uploads\/2021\/01\/imatge-2.png 1015w, http:\/\/adriamusic.cat\/wp-content\/uploads\/2021\/01\/imatge-2-300x169.png 300w, http:\/\/adriamusic.cat\/wp-content\/uploads\/2021\/01\/imatge-2-768x432.png 768w\" sizes=\"auto, (max-width: 767px) 89vw, (max-width: 1000px) 54vw, (max-width: 1071px) 543px, 580px\" \/><\/a><figcaption>\u00abAdri\u00e0 &#8211; Beni cun me\u00bb, RAI3 (amb producci\u00f3 d&#8217;EjaTV &#8211; Terra de Punt).<\/figcaption><\/figure>\n\n\n\n<p>Is progetos musicales meos sunt semper istados acapiados a sa defensa de is l\u00ecnguas minorizadas, e ant punnadu a contribuire a movimentos pol\u00ecticos de liberatzione:<\/p>\n\n\n\n<figure class=\"wp-block-video aligncenter\"><video height=\"360\" style=\"aspect-ratio: 640 \/ 360;\" width=\"640\" controls src=\"http:\/\/adriamusic.cat\/wp-content\/uploads\/2020\/12\/marxaLlibertat.mp4\"><\/video><figcaption>Marxes per la Llibertat (18\/10\/2019).<\/figcaption><\/figure>\n\n\n\n<p>Dae su 2006 a su 20120 so istadu chitarreri e composidore de <a rel=\"noreferrer noopener\" href=\"https:\/\/www.youtube.com\/user\/bandabarretina\" target=\"_blank\">Banda Barretina<\/a> (<a rel=\"noreferrer noopener\" href=\"http:\/\/web.archive.org\/web\/20101002165215\/http:\/\/www.bandabarretina.cat\/\" data-type=\"URL\" data-id=\"http:\/\/web.archive.org\/web\/20101002165215\/http:\/\/www.bandabarretina.cat\/\" target=\"_blank\">situ web antigu<\/a>), e dae su 2010 so istadu su cantadore e composidore de <a rel=\"noreferrer noopener\" href=\"https:\/\/www.youtube.com\/channel\/UCWpzQXEyWLknqmgoIiDWuAw\" data-type=\"URL\" data-id=\"https:\/\/www.youtube.com\/channel\/UCWpzQXEyWLknqmgoIiDWuAw\" target=\"_blank\">aBanda<\/a>.<\/p>\n\n\n\n<p>In su 2010 amus registradu, comente a grupu binchidore de su concursu Mou-te 2010 de Sant Cugat del Vall\u00e8s (Bartzellona), unu cuntzertu in direta pro sa TV Cugat.cat<\/p>\n\n\n\n<figure class=\"wp-block-image size-large\"><a href=\"http:\/\/www.cugat.cat\/tv\/musica\/moute\/1680\" target=\"_blank\" rel=\"noopener\"><img loading=\"lazy\" decoding=\"async\" width=\"755\" height=\"424\" src=\"http:\/\/adriamusic.cat\/wp-content\/uploads\/2020\/12\/imatge.png\" alt=\"\" class=\"wp-image-265\" srcset=\"http:\/\/adriamusic.cat\/wp-content\/uploads\/2020\/12\/imatge.png 755w, http:\/\/adriamusic.cat\/wp-content\/uploads\/2020\/12\/imatge-300x168.png 300w\" sizes=\"auto, (max-width: 706px) 89vw, (max-width: 767px) 82vw, 740px\" \/><\/a><figcaption>aBanda 2010<\/figcaption><\/figure>\n\n\n\n<p>[No dispon\u00ecbile] Isc\u00e0rriga\u00b7ti <em>Massa sang<\/em>, de Banda Barretina (2009)<br>Ascurta <em>La crida de la terra<\/em>, de aBanda (2011)<\/p>\n\n\n\n<figure class=\"wp-block-embed is-type-rich is-provider-soundcloud wp-block-embed-soundcloud wp-embed-aspect-4-3 wp-has-aspect-ratio\"><div class=\"wp-block-embed__wrapper\">\n<iframe loading=\"lazy\" title=\"Maqueta (demo) by abanda\" width=\"525\" height=\"450\" scrolling=\"no\" frameborder=\"no\" src=\"https:\/\/w.soundcloud.com\/player\/?visual=true&#038;url=https%3A%2F%2Fapi.soundcloud.com%2Fplaylists%2F2007217&#038;show_artwork=true&#038;maxheight=788&#038;maxwidth=525\"><\/iframe>\n<\/div><\/figure>\n\n\n\n<p>A su livellu universit\u00e0riu, cun su n\u00f2mine reale <a rel=\"noreferrer noopener\" href=\"http:\/\/pagines.uab.cat\/adriamartin\" target=\"_blank\">Adri\u00e0 Mart\u00edn-Mor<\/a>, mi \u00f2cupo de tecnologias pro sa tradutzione. Apo collaboradu a sa <a rel=\"noreferrer noopener\" href=\"http:\/\/www.unionesarda.it\/articolo\/cronaca\/2017\/08\/15\/un_clic_e_la_limba_diventa_di_tutti_in_rete_arriva_aperitum-68-634057.html\" target=\"_blank\">n\u00e0schida de su primu tradutore autom\u00e0ticu pro su sardu<\/a> e a sa <a rel=\"noreferrer noopener\" href=\"http:\/\/sct.uab.cat\/bauladuinsardu\" target=\"_blank\">publicatzione in sardu de is del\u00ecberas de su comunu de Bauladu<\/a> (Aristanis). So membru fundadore e promotore de <a rel=\"noreferrer noopener\" href=\"http:\/\/sardware.tradumatica.net\/\" target=\"_blank\">Sardware<\/a>, ass\u00f2tziu chi, ispiradu dae <a rel=\"noreferrer noopener\" href=\"http:\/\/www.softcatala.cat\" target=\"_blank\">Softcatal\u00e0<\/a>, traballat pro sa pres\u00e8ntzia de su sardu in sa tecnologia.<\/p>\n","protected":false},"excerpt":{"rendered":"<p>Adri\u00e0 Mor, m\u00fasica catalanosarda | m\u00f9sica sarducatalana In su 2019 apo cumintzadu a cump\u00f2nnere Lo somr\u00eds de la magrana, comente a banda sonora pro su programma Adri\u00e0 &#8211; Beni cun me, prod\u00f9sidu dae EjaTV e Terra de Punt pro RAI3: Is progetos musicales meos sunt semper istados acapiados a sa defensa de is l\u00ecnguas minorizadas, &hellip; <\/p>\n<p class=\"link-more\"><a href=\"http:\/\/adriamusic.cat\/index.php\/sc\/bio-2\/\" class=\"more-link\">Continua llegint <span class=\"screen-reader-text\">\u00abBio\u00bb<\/span><\/a><\/p>\n","protected":false},"author":1,"featured_media":0,"parent":0,"menu_order":0,"comment_status":"closed","ping_status":"closed","template":"","meta":{"footnotes":""},"class_list":["post-286","page","type-page","status-publish","hentry"],"_links":{"self":[{"href":"http:\/\/adriamusic.cat\/index.php\/wp-json\/wp\/v2\/pages\/286","targetHints":{"allow":["GET"]}}],"collection":[{"href":"http:\/\/adriamusic.cat\/index.php\/wp-json\/wp\/v2\/pages"}],"about":[{"href":"http:\/\/adriamusic.cat\/index.php\/wp-json\/wp\/v2\/types\/page"}],"author":[{"embeddable":true,"href":"http:\/\/adriamusic.cat\/index.php\/wp-json\/wp\/v2\/users\/1"}],"replies":[{"embeddable":true,"href":"http:\/\/adriamusic.cat\/index.php\/wp-json\/wp\/v2\/comments?post=286"}],"version-history":[{"count":6,"href":"http:\/\/adriamusic.cat\/index.php\/wp-json\/wp\/v2\/pages\/286\/revisions"}],"predecessor-version":[{"id":758,"href":"http:\/\/adriamusic.cat\/index.php\/wp-json\/wp\/v2\/pages\/286\/revisions\/758"}],"wp:attachment":[{"href":"http:\/\/adriamusic.cat\/index.php\/wp-json\/wp\/v2\/media?parent=286"}],"curies":[{"name":"wp","href":"https:\/\/api.w.org\/{rel}","templated":true}]}}