{"id":161,"date":"2020-11-14T10:27:26","date_gmt":"2020-11-14T10:27:26","guid":{"rendered":"http:\/\/adriamusic.cat\/?page_id=161"},"modified":"2021-03-20T18:57:20","modified_gmt":"2021-03-20T18:57:20","slug":"bio","status":"publish","type":"page","link":"http:\/\/adriamusic.cat\/index.php\/bio\/","title":{"rendered":"Bio"},"content":{"rendered":"\n<p><strong>Adri\u00e0 Mor, m\u00fasica catalanosarda<\/strong> | m\u00f9sica sarducatalana<\/p>\n\n\n\n<p>El 2019 vaig comen\u00e7ar a compondre <em>Lo somr\u00eds de la magrana<\/em>, com a banda sonora per al programa <em>Adri\u00e0 &#8211; Beni cun me<\/em>, produ\u00eft per EjaTV i Terra de Punt per a RAI3:<\/p>\n\n\n\n<figure class=\"wp-block-image size-large\"><a href=\"https:\/\/www.facebook.com\/webtvdesaslimbasdesardigna\/videos\/231723468463924\/\" target=\"_blank\" rel=\"noopener\"><img loading=\"lazy\" decoding=\"async\" width=\"1015\" height=\"571\" src=\"http:\/\/adriamusic.cat\/wp-content\/uploads\/2021\/01\/imatge-2.png\" alt=\"\" class=\"wp-image-529\" srcset=\"http:\/\/adriamusic.cat\/wp-content\/uploads\/2021\/01\/imatge-2.png 1015w, http:\/\/adriamusic.cat\/wp-content\/uploads\/2021\/01\/imatge-2-300x169.png 300w, http:\/\/adriamusic.cat\/wp-content\/uploads\/2021\/01\/imatge-2-768x432.png 768w\" sizes=\"auto, (max-width: 767px) 89vw, (max-width: 1000px) 54vw, (max-width: 1071px) 543px, 580px\" \/><\/a><figcaption>\u00abAdri\u00e0 &#8211; Beni cun me\u00bb, RAI3 (amb producci\u00f3 d&#8217;EjaTV &#8211; Terra de Punt).<\/figcaption><\/figure>\n\n\n\n<p>Els meus projectes musicals sempre han estat lligats a la defensa de les lleng\u00fces minoritzades, i han mirat de contribuir a moviments pol\u00edtics d&#8217;alliberament:<\/p>\n\n\n\n<figure class=\"wp-block-video aligncenter\"><video height=\"360\" style=\"aspect-ratio: 640 \/ 360;\" width=\"640\" controls src=\"http:\/\/adriamusic.cat\/wp-content\/uploads\/2020\/12\/marxaLlibertat.mp4\"><\/video><figcaption>Marxes per la Llibertat (18\/10\/2019).<\/figcaption><\/figure>\n\n\n\n<p>Des del 2006 fins al 2010, vaig ser guitarrista i compositor de <a rel=\"noreferrer noopener\" href=\"https:\/\/www.youtube.com\/user\/bandabarretina\" data-type=\"URL\" data-id=\"https:\/\/www.youtube.com\/user\/bandabarretina\" target=\"_blank\">Banda Barretina<\/a> (<a rel=\"noreferrer noopener\" href=\"http:\/\/web.archive.org\/web\/20101002165215\/http:\/\/www.bandabarretina.cat\/\" target=\"_blank\" data-type=\"URL\" data-id=\"http:\/\/web.archive.org\/web\/20101002165215\/http:\/\/www.bandabarretina.cat\/\">antic lloc web<\/a>), i el 2010 vaig ser el cantant i compositor d&#8217;<a rel=\"noreferrer noopener\" href=\"https:\/\/www.youtube.com\/channel\/UCWpzQXEyWLknqmgoIiDWuAw\" target=\"_blank\">aBanda<\/a>.<\/p>\n\n\n\n<p>El 2010 vam enregistrar, com a banda guanyadora del concurs Mou-te 2010 de Sant Cugat del Vall\u00e8s, un concert en directe per a la televisi\u00f3 Cugat.cat.<\/p>\n\n\n\n<figure class=\"wp-block-image size-large\"><a href=\"http:\/\/www.cugat.cat\/tv\/musica\/moute\/1680\" target=\"_blank\" rel=\"noopener\"><img loading=\"lazy\" decoding=\"async\" width=\"755\" height=\"424\" src=\"http:\/\/adriamusic.cat\/wp-content\/uploads\/2020\/12\/imatge.png\" alt=\"\" class=\"wp-image-265\" srcset=\"http:\/\/adriamusic.cat\/wp-content\/uploads\/2020\/12\/imatge.png 755w, http:\/\/adriamusic.cat\/wp-content\/uploads\/2020\/12\/imatge-300x168.png 300w\" sizes=\"auto, (max-width: 706px) 89vw, (max-width: 767px) 82vw, 740px\" \/><\/a><figcaption>aBanda 2010<\/figcaption><\/figure>\n\n\n\n<p>[No disponible] Descarregueu-vos <em>Massa sang<\/em>, de Banda Barretina (2009)<br>Escolteu <em>La crida de la terra<\/em>, d&#8217;aBanda (2011)<\/p>\n\n\n\n<figure class=\"wp-block-embed is-type-rich is-provider-soundcloud wp-block-embed-soundcloud wp-embed-aspect-4-3 wp-has-aspect-ratio\"><div class=\"wp-block-embed__wrapper\">\n<iframe loading=\"lazy\" title=\"Maqueta (demo) by abanda\" width=\"525\" height=\"450\" scrolling=\"no\" frameborder=\"no\" src=\"https:\/\/w.soundcloud.com\/player\/?visual=true&#038;url=https%3A%2F%2Fapi.soundcloud.com%2Fplaylists%2F2007217&#038;show_artwork=true&#038;maxheight=788&#038;maxwidth=525\"><\/iframe>\n<\/div><\/figure>\n\n\n\n<p>En l\u2019\u00e0mbit universitari, amb el nom real d&#8217;<a rel=\"noreferrer noopener\" href=\"http:\/\/pagines.uab.cat\/adriamartin\" target=\"_blank\">Adri\u00e0 Mart\u00edn-Mor<\/a>, m&#8217;ocupo de les tecnologies de la traducci\u00f3. He contribu\u00eft a l\u2019aparici\u00f3 del <a href=\"https:\/\/www.vilaweb.cat\/noticies\/apertium-sobre-al-sard\/\" target=\"_blank\" rel=\"noreferrer noopener\">primer traductor autom\u00e0tic per a la llengua sarda<\/a> i a la publicaci\u00f3 d&#8217;<a href=\"http:\/\/sct.uab.cat\/bauladuinsardu\" target=\"_blank\" rel=\"noreferrer noopener\">actes municipals en sard de l&#8217;ajuntament de Bauladu<\/a> (Oristany). S\u00f3c membre fundador i impulsor de <a href=\"http:\/\/sardware.tradumatica.net\/\" target=\"_blank\" rel=\"noreferrer noopener\">Sardware<\/a>, una associaci\u00f3 creada a imatge de <a href=\"http:\/\/www.softcatala.cat\" target=\"_blank\" rel=\"noreferrer noopener\">Softcatal\u00e0<\/a> que treballa per la pres\u00e8ncia de la llengua sarda en la tecnologia.<\/p>\n","protected":false},"excerpt":{"rendered":"<p>Adri\u00e0 Mor, m\u00fasica catalanosarda | m\u00f9sica sarducatalana El 2019 vaig comen\u00e7ar a compondre Lo somr\u00eds de la magrana, com a banda sonora per al programa Adri\u00e0 &#8211; Beni cun me, produ\u00eft per EjaTV i Terra de Punt per a RAI3: Els meus projectes musicals sempre han estat lligats a la defensa de les lleng\u00fces minoritzades, &hellip; <\/p>\n<p class=\"link-more\"><a href=\"http:\/\/adriamusic.cat\/index.php\/bio\/\" class=\"more-link\">Continua llegint <span class=\"screen-reader-text\">\u00abBio\u00bb<\/span><\/a><\/p>\n","protected":false},"author":1,"featured_media":0,"parent":0,"menu_order":0,"comment_status":"closed","ping_status":"closed","template":"","meta":{"footnotes":""},"class_list":["post-161","page","type-page","status-publish","hentry"],"_links":{"self":[{"href":"http:\/\/adriamusic.cat\/index.php\/wp-json\/wp\/v2\/pages\/161","targetHints":{"allow":["GET"]}}],"collection":[{"href":"http:\/\/adriamusic.cat\/index.php\/wp-json\/wp\/v2\/pages"}],"about":[{"href":"http:\/\/adriamusic.cat\/index.php\/wp-json\/wp\/v2\/types\/page"}],"author":[{"embeddable":true,"href":"http:\/\/adriamusic.cat\/index.php\/wp-json\/wp\/v2\/users\/1"}],"replies":[{"embeddable":true,"href":"http:\/\/adriamusic.cat\/index.php\/wp-json\/wp\/v2\/comments?post=161"}],"version-history":[{"count":12,"href":"http:\/\/adriamusic.cat\/index.php\/wp-json\/wp\/v2\/pages\/161\/revisions"}],"predecessor-version":[{"id":759,"href":"http:\/\/adriamusic.cat\/index.php\/wp-json\/wp\/v2\/pages\/161\/revisions\/759"}],"wp:attachment":[{"href":"http:\/\/adriamusic.cat\/index.php\/wp-json\/wp\/v2\/media?parent=161"}],"curies":[{"name":"wp","href":"https:\/\/api.w.org\/{rel}","templated":true}]}}