{"id":1410,"date":"2025-08-19T08:32:23","date_gmt":"2025-08-19T08:32:23","guid":{"rendered":"http:\/\/adriamusic.cat\/?page_id=1410"},"modified":"2025-08-19T08:58:35","modified_gmt":"2025-08-19T08:58:35","slug":"sa-lingua-sarda-in-albergu","status":"publish","type":"page","link":"http:\/\/adriamusic.cat\/index.php\/sa-lingua-sarda-in-albergu\/","title":{"rendered":"Sa l\u00ecngua sarda in albergu (Antoni N\u00e0tziu Garau)"},"content":{"rendered":"\n<figure class=\"wp-block-embed is-type-video is-provider-youtube wp-block-embed-youtube wp-embed-aspect-16-9 wp-has-aspect-ratio\"><div class=\"wp-block-embed__wrapper\">\n<iframe loading=\"lazy\" title=\"10 \u00abSa lingua sarda in albergu\u00bb (Antoni N\u00e0tziu Garau), Adri\u00e0 Mor (&#039;De Sardenya a Calif\u00f2rnia&#039;, 2024)\" width=\"525\" height=\"295\" src=\"https:\/\/www.youtube.com\/embed\/3x2JZ7xsKs0?feature=oembed\" frameborder=\"0\" allow=\"accelerometer; autoplay; clipboard-write; encrypted-media; gyroscope; picture-in-picture; web-share\" referrerpolicy=\"strict-origin-when-cross-origin\" allowfullscreen><\/iframe>\n<\/div><\/figure>\n\n\n\n<div class=\"wp-block-columns is-layout-flex wp-container-core-columns-is-layout-9d6595d7 wp-block-columns-is-layout-flex\">\n<div class=\"wp-block-column is-layout-flow wp-block-column-is-layout-flow\" style=\"flex-basis:50%\">\n<p class=\"has-text-align-center\">Su turista catalanu,<br>fueddendi in l\u00ecngua sarda,<br>sa cosa est acont\u00e8ssia<br>e issu ndi fut cuntentu.<\/p>\n\n\n\n<p class=\"has-text-align-center\">Su turista catalanu:<br>ca ddis fut de turmentu,<br>sa l\u00ecngua pagu agrad\u00e8ssia,<br>arriscau s&#8217;at una carda,<br>depiat fueddai in italianu.<\/p>\n\n\n\n<p class=\"has-text-align-center\">Fueddendi in l\u00ecngua sarda:<br>depiat fueddai in italianu,<br>sa l\u00ecngua pagu agrad\u00e8ssia,<br>ca ddis fut de turmentu,<br>arriscau s&#8217;at una carda.<\/p>\n<\/div>\n\n\n\n<div class=\"wp-block-column is-layout-flow wp-block-column-is-layout-flow\" style=\"flex-basis:50%\">\n<p class=\"has-text-align-center\">Sa cosa est acont\u00e8ssia:<br>arriscau s&#8217;at una carda,<br>ca ddis fut de turmentu,<br>depiat fueddai in italianu,<br>sa l\u00ecngua pagu agrad\u00e8ssia.<\/p>\n\n\n\n<p class=\"has-text-align-center\">E issu ndi fut cuntentu:<br>sa l\u00ecngua pagu agrad\u00e8ssia,<br>depiat fueddai in italianu,<br>arriscau s&#8217;at una carda,<br>ca ddis fut de turmentu.<br><\/p>\n<\/div>\n<\/div>\n","protected":false},"excerpt":{"rendered":"<p>Su turista catalanu,fueddendi in l\u00ecngua sarda,sa cosa est acont\u00e8ssiae issu ndi fut cuntentu. Su turista catalanu:ca ddis fut de turmentu,sa l\u00ecngua pagu agrad\u00e8ssia,arriscau s&#8217;at una carda,depiat fueddai in italianu. Fueddendi in l\u00ecngua sarda:depiat fueddai in italianu,sa l\u00ecngua pagu agrad\u00e8ssia,ca ddis fut de turmentu,arriscau s&#8217;at una carda. Sa cosa est acont\u00e8ssia:arriscau s&#8217;at una carda,ca ddis fut &hellip; <\/p>\n<p class=\"link-more\"><a href=\"http:\/\/adriamusic.cat\/index.php\/sa-lingua-sarda-in-albergu\/\" class=\"more-link\">Continua llegint <span class=\"screen-reader-text\">\u00abSa l\u00ecngua sarda in albergu (Antoni N\u00e0tziu Garau)\u00bb<\/span><\/a><\/p>\n","protected":false},"author":1,"featured_media":0,"parent":0,"menu_order":0,"comment_status":"closed","ping_status":"closed","template":"","meta":{"footnotes":""},"class_list":["post-1410","page","type-page","status-publish","hentry"],"_links":{"self":[{"href":"http:\/\/adriamusic.cat\/index.php\/wp-json\/wp\/v2\/pages\/1410","targetHints":{"allow":["GET"]}}],"collection":[{"href":"http:\/\/adriamusic.cat\/index.php\/wp-json\/wp\/v2\/pages"}],"about":[{"href":"http:\/\/adriamusic.cat\/index.php\/wp-json\/wp\/v2\/types\/page"}],"author":[{"embeddable":true,"href":"http:\/\/adriamusic.cat\/index.php\/wp-json\/wp\/v2\/users\/1"}],"replies":[{"embeddable":true,"href":"http:\/\/adriamusic.cat\/index.php\/wp-json\/wp\/v2\/comments?post=1410"}],"version-history":[{"count":7,"href":"http:\/\/adriamusic.cat\/index.php\/wp-json\/wp\/v2\/pages\/1410\/revisions"}],"predecessor-version":[{"id":1424,"href":"http:\/\/adriamusic.cat\/index.php\/wp-json\/wp\/v2\/pages\/1410\/revisions\/1424"}],"wp:attachment":[{"href":"http:\/\/adriamusic.cat\/index.php\/wp-json\/wp\/v2\/media?parent=1410"}],"curies":[{"name":"wp","href":"https:\/\/api.w.org\/{rel}","templated":true}]}}