{"id":1199,"date":"2024-04-27T03:14:13","date_gmt":"2024-04-27T03:14:13","guid":{"rendered":"http:\/\/adriamusic.cat\/?page_id=1199"},"modified":"2025-08-22T14:32:22","modified_gmt":"2025-08-22T14:32:22","slug":"2024-terras-de-abbundu","status":"publish","type":"page","link":"http:\/\/adriamusic.cat\/index.php\/2024-terras-de-abbundu\/","title":{"rendered":"2024 &#8211; Terras de abbundu"},"content":{"rendered":"\n<figure class=\"wp-block-embed is-type-video is-provider-youtube wp-block-embed-youtube wp-embed-aspect-16-9 wp-has-aspect-ratio\"><div class=\"wp-block-embed__wrapper\">\n<iframe loading=\"lazy\" title=\"&#039;Terras de abbundu&#039; - Adri\u00e0 Mor cun M. Leone, D. Casu e F. M. Perantoni - Sa Die de sa Sardigna 2024\" width=\"525\" height=\"295\" src=\"https:\/\/www.youtube.com\/embed\/tpMhyfbPiQg?feature=oembed\" frameborder=\"0\" allow=\"accelerometer; autoplay; clipboard-write; encrypted-media; gyroscope; picture-in-picture; web-share\" referrerpolicy=\"strict-origin-when-cross-origin\" allowfullscreen><\/iframe>\n<\/div><\/figure>\n\n\n\n<p><strong>Hist\u00f2ria<\/strong><\/p>\n\n\n\n<p>Vaig sentir per primer cop \u00ab<a href=\"https:\/\/en.wikipedia.org\/wiki\/Pastures_of_Plenty\">Pastures of Plenty<\/a>\u00bb en <a href=\"https:\/\/www.youtube.com\/watch?v=RjNfAtj976s&amp;t=186s\">aquesta encisadora versi\u00f3 en directe de Joan Baez<\/a>, d&#8217;una solemnitat quasi m\u00edstica. No sabia res de l&#8217;autor original de la can\u00e7\u00f3, W<a href=\"https:\/\/ca.wikipedia.org\/wiki\/Woody_Guthrie\">oody Guthrie<\/a>, ni del fet que la va escriure fa vuitanta anys. Per\u00f2 la vaig cantar, en angl\u00e8s, en la meva primera actuaci\u00f3 als EUA, en arribar a Calif\u00f2rnia, i des d&#8217;aleshores no he deixat de cantar-la. Ni de sorprendre&#8217;m cada cop que en descobreixo detalls nous.<\/p>\n\n\n\n<p><a href=\"https:\/\/ca.wikipedia.org\/wiki\/Woody_Guthrie\">Woody Guthrie<\/a> va n\u00e9ixer a Oklahoma el 1912, i \u00e9s autor de melodies tan omnipresents en l&#8217;imaginari dels EUA com ara \u00ab<a href=\"https:\/\/ca.wikipedia.org\/wiki\/This_Land_Is_Your_Land\">This Land Is Your Land<\/a>\u00bb. \u00abPastures of Plenty\u00bb, la va escriure el 1941 (per tant, a vint-i-nou anys), influ\u00eft per la lectura d&#8217;<em><a href=\"https:\/\/ca.wikipedia.org\/wiki\/El_ra%C3%AFm_de_la_ira\">El ra\u00efm de la ira<\/a><\/em>, de <a href=\"https:\/\/ca.wikipedia.org\/wiki\/John_Steinbeck\">John Steinbeck<\/a>, una hist\u00f2ria de mis\u00e8ria, migraci\u00f3 i racisme. Quant a la m\u00fasica, Guthrie va rec\u00f3rrer a una melodia tradicional brit\u00e0nica i nord-americana, <a href=\"https:\/\/en.wikipedia.org\/wiki\/Pretty_Polly_(ballad)\">Pretty Polly<\/a>. Aquesta voluntat de difusi\u00f3 de la cultura popular \u00e9s un dels trets caracter\u00edstics dels cantautors dels EUA, tal com afirma <a href=\"https:\/\/ir.library.louisville.edu\/cgi\/viewcontent.cgi?article=3630&amp;context=etd\">Ferris (2016)<\/a>:<\/p>\n\n\n\n<p><code>\u201cAmerican folk singers might best be understood as a particular type of public pedagogue who constructs collective action frames through her music and other pedagogical performances\u201d.<\/code><\/p>\n\n\n\n<p>La can\u00e7\u00f3, com el llibre, narra les vicissituds d&#8217;una fam\u00edlia de temporers que migra des d&#8217;Oklahoma cap a la costa Oest a la recerca d&#8217;una vida millor, i arriba al cl\u00edmax amb el vers \u00abhe collit los tous fruits, he xapat los teus camps perqu\u00e8 beguis de tarda aqueix vi de xampany\u00bb (en la traducci\u00f3 en catal\u00e0 alguer\u00e8s).<\/p>\n\n\n\n<p>El comprom\u00eds pol\u00edtic de Woody Guthrie es va mantenir constant al llarg de tota la seva carrera, i va influir generacions senceres d&#8217;artistes fins al dia d&#8217;avui: <a href=\"https:\/\/www.youtube.com\/watch?v=W0-w50YZgoI\">Pete Seeger<\/a>, <a href=\"https:\/\/www.youtube.com\/watch?v=pkvf7HcMiLo\">Bob Dylan<\/a>, la mateixa Baez, <a href=\"https:\/\/www.youtube.com\/watch?v=FKTGilvIw7Y\">Tracy Newman<\/a>, <a href=\"https:\/\/www.youtube.com\/watch?v=5vfqgXnzd0k\">Odetta<\/a>, Springsteen&#8230; Fins i tot artistes d&#8217;un estil musical tan allunyat de Guthrie, com ara Tom Morello de Rage Against the Machine, admeten la seva influ\u00e8ncia, per exemple, a l&#8217;hora de <a href=\"https:\/\/www.youtube.com\/watch?v=BYqmu1GxV7o&amp;t=103s\">decorar les seves guitarres amb missatges pol\u00edtics<\/a>. I \u00e9s que l&#8217;esl\u00f2gan \u00abthis machine kills fascists\u00bb (&#8216;<a href=\"https:\/\/ca.wikipedia.org\/wiki\/This_machine_kills_fascists\">aquesta m\u00e0quina mata feixistes<\/a>&#8216;) \u00e9s gaireb\u00e9 tan ic\u00f2nic com el seu autor.<\/p>\n\n\n\n<figure class=\"wp-block-image size-large\"><img loading=\"lazy\" decoding=\"async\" width=\"1024\" height=\"768\" src=\"http:\/\/adriamusic.cat\/wp-content\/uploads\/2024\/04\/immagine-1-1024x768.png\" alt=\"\" class=\"wp-image-1215\" srcset=\"http:\/\/adriamusic.cat\/wp-content\/uploads\/2024\/04\/immagine-1-1024x768.png 1024w, http:\/\/adriamusic.cat\/wp-content\/uploads\/2024\/04\/immagine-1-300x225.png 300w, http:\/\/adriamusic.cat\/wp-content\/uploads\/2024\/04\/immagine-1-768x576.png 768w, http:\/\/adriamusic.cat\/wp-content\/uploads\/2024\/04\/immagine-1.png 1280w\" sizes=\"auto, (max-width: 767px) 89vw, (max-width: 1000px) 54vw, (max-width: 1071px) 543px, 580px\" \/><\/figure>\n\n\n\n<p>La idea de traduir \u00abPastures of Plenty\u00bb per commemorar la Diada de Sardenya va arribar de cop, com una revelaci\u00f3. El fet que la can\u00e7\u00f3 tingu\u00e9s cinc estrofes va pesar for\u00e7a, ja que facilitava que cada estrofa fos en una llengua diferent. Com en altres ocasions, em van ajudar desinteressadament traductors i activistes de l&#8217;illa (cr\u00e8dits a sota). De seguida vaig veure clara la necessitat de substituir els referents temporals (com ara el Dust Bowl) i geogr\u00e0fics (Calif\u00f2rnia, Arizona) per uns altres del context europeu actual, per tal de poder denunciar, en una jornada de reivindicaci\u00f3 de la sarditud, les pol\u00edtiques de la Fortalesa Europa. En aquest sentit, va ser molt estimulant la lectura de <a href=\"https:\/\/www.berghahnjournals.com\/view\/journals\/ajec\/30\/2\/ajec300209.xml#bib9\">\u00abSardinian Lives Matter\u00bb, de Lai i Watson (2021)<\/a>:<\/p>\n\n\n\n<p><kbd>\u00abImmigrants blocked from formal sectors of the economy are relegated to niches that often overlap with perceptions of race (e.g. North African males: street vendors; Eastern European females: elder care). As neofascism and xenophobia rise on the island, there is an increasing need to address the mechanisms of subordination Sardinians are subjected to and those in which they are perpetrators.\u00bb<\/kbd><\/p>\n\n\n\n<p>Aquesta connexi\u00f3 amb l&#8217;acad\u00e8mia, la traducci\u00f3 i la literatura, m&#8217;ha perm\u00e8s cantar \u00abPastures of Plenty\u00bb en confer\u00e8ncies de literatura comparada, i fins i tot en la sessi\u00f3 inaugural de la <a href=\"https:\/\/www.pamla.org\/pamla-2023-welcome-event\/\">Pacific Ancient and Modern Language Association<\/a> de Portland, l&#8217;octubre del 2023. I va ser justament a Portland, mentre assajava el repertori a l&#8217;habitaci\u00f3 de l&#8217;hotel, que vaig aprendre un darrer detall sobre la can\u00e7\u00f3 que em va fer molt content: \u00abPastures of Plenty\u00bb va ser <a href=\"https:\/\/en.wikipedia.org\/wiki\/Woody_Guthrie#Pacific_Northwest\">escrita a raig, en un sol mes, juntament amb vint-i-cinc can\u00e7ons m\u00e9s<\/a>. <\/p>\n\n\n\n<figure class=\"wp-block-image size-large\"><img loading=\"lazy\" decoding=\"async\" width=\"1024\" height=\"768\" src=\"http:\/\/adriamusic.cat\/wp-content\/uploads\/2024\/04\/immagine-2-1024x768.png\" alt=\"\" class=\"wp-image-1216\" srcset=\"http:\/\/adriamusic.cat\/wp-content\/uploads\/2024\/04\/immagine-2-1024x768.png 1024w, http:\/\/adriamusic.cat\/wp-content\/uploads\/2024\/04\/immagine-2-300x225.png 300w, http:\/\/adriamusic.cat\/wp-content\/uploads\/2024\/04\/immagine-2-768x576.png 768w, http:\/\/adriamusic.cat\/wp-content\/uploads\/2024\/04\/immagine-2-1536x1152.png 1536w, http:\/\/adriamusic.cat\/wp-content\/uploads\/2024\/04\/immagine-2.png 1893w\" sizes=\"auto, (max-width: 767px) 89vw, (max-width: 1000px) 54vw, (max-width: 1071px) 543px, 580px\" \/><\/figure>\n\n\n\n<p>Despr\u00e9s d&#8217;un per\u00edode de temps a Los Angeles (que va incloure actuacions a <a href=\"https:\/\/www.latimes.com\/entertainment\/music\/posts\/la-et-ms-woody-guthrie-los-angeles-20160128-story.html\">Long Beach<\/a>), Guthrie es va <a href=\"https:\/\/www.oregonlive.com\/history\/2016\/05\/woody_guthries_tiny_portland_a.html\">traslladar a viure uns quants mesos a Portland<\/a>, contractat pel Departament d&#8217;Interior dels EUA perqu\u00e8 escrigu\u00e9s can\u00e7ons sobre el riu Col\u00fambia. I es va estar en una casa dels afores de la ciutat, a un parell d&#8217;hores del meu hotel. \u00c9s all\u00e0 on va n\u00e9ixer la can\u00e7\u00f3 que jo havia tradu\u00eft, sense saber-ho. En saber aix\u00f2, vaig tenir la sensaci\u00f3 que en certa manera el meu cam\u00ed s&#8217;entortolligava amb els escenaris de la vida de Woody Guthrie, i immediatament vaig decidir que l&#8217;endem\u00e0 mateix reservaria la bicicleta de l&#8217;hotel per acostar-me a l&#8217;adre\u00e7a de la casa. En arribar, vaig picar a la porta. Els inquilins actuals del pis, que no havien sentit mai a parlar de Woody Guthrie, no les tenien totes de donar-li corda al paio que els deia que volia cantar la seva traducci\u00f3 de \u00abPastures of Plenty\u00bb a la casa on havia estat escrita.<\/p>\n\n\n\n<figure class=\"wp-block-image size-large\"><img loading=\"lazy\" decoding=\"async\" width=\"1024\" height=\"512\" src=\"http:\/\/adriamusic.cat\/wp-content\/uploads\/2024\/04\/photo_2024-04-24_21-06-09-1024x512.jpg\" alt=\"\" class=\"wp-image-1233\" srcset=\"http:\/\/adriamusic.cat\/wp-content\/uploads\/2024\/04\/photo_2024-04-24_21-06-09-1024x512.jpg 1024w, http:\/\/adriamusic.cat\/wp-content\/uploads\/2024\/04\/photo_2024-04-24_21-06-09-300x150.jpg 300w, http:\/\/adriamusic.cat\/wp-content\/uploads\/2024\/04\/photo_2024-04-24_21-06-09-768x384.jpg 768w, http:\/\/adriamusic.cat\/wp-content\/uploads\/2024\/04\/photo_2024-04-24_21-06-09.jpg 1280w\" sizes=\"auto, (max-width: 767px) 89vw, (max-width: 1000px) 54vw, (max-width: 1071px) 543px, 580px\" \/><\/figure>\n\n\n\n<figure class=\"wp-block-gallery has-nested-images columns-default is-cropped wp-block-gallery-1 is-layout-flex wp-block-gallery-is-layout-flex\">\n<figure class=\"wp-block-image size-large\"><img loading=\"lazy\" decoding=\"async\" width=\"768\" height=\"1024\" data-id=\"1232\" src=\"http:\/\/adriamusic.cat\/wp-content\/uploads\/2024\/04\/photo_2024-04-24_21-06-09-2-768x1024.jpg\" alt=\"\" class=\"wp-image-1232\" srcset=\"http:\/\/adriamusic.cat\/wp-content\/uploads\/2024\/04\/photo_2024-04-24_21-06-09-2-768x1024.jpg 768w, http:\/\/adriamusic.cat\/wp-content\/uploads\/2024\/04\/photo_2024-04-24_21-06-09-2-225x300.jpg 225w, http:\/\/adriamusic.cat\/wp-content\/uploads\/2024\/04\/photo_2024-04-24_21-06-09-2.jpg 960w\" sizes=\"auto, (max-width: 767px) 89vw, (max-width: 1000px) 54vw, (max-width: 1071px) 543px, 580px\" \/><\/figure>\n\n\n\n<figure class=\"wp-block-image size-large\"><img loading=\"lazy\" decoding=\"async\" width=\"1024\" height=\"768\" data-id=\"1231\" src=\"http:\/\/adriamusic.cat\/wp-content\/uploads\/2024\/04\/photo_2024-04-24_21-06-10-1024x768.jpg\" alt=\"\" class=\"wp-image-1231\" srcset=\"http:\/\/adriamusic.cat\/wp-content\/uploads\/2024\/04\/photo_2024-04-24_21-06-10-1024x768.jpg 1024w, http:\/\/adriamusic.cat\/wp-content\/uploads\/2024\/04\/photo_2024-04-24_21-06-10-300x225.jpg 300w, http:\/\/adriamusic.cat\/wp-content\/uploads\/2024\/04\/photo_2024-04-24_21-06-10-768x576.jpg 768w, http:\/\/adriamusic.cat\/wp-content\/uploads\/2024\/04\/photo_2024-04-24_21-06-10.jpg 1280w\" sizes=\"auto, (max-width: 767px) 89vw, (max-width: 1000px) 54vw, (max-width: 1071px) 543px, 580px\" \/><\/figure>\n\n\n\n<figure class=\"wp-block-image size-large\"><img loading=\"lazy\" decoding=\"async\" width=\"1024\" height=\"768\" data-id=\"1229\" src=\"http:\/\/adriamusic.cat\/wp-content\/uploads\/2024\/04\/photo_2024-04-24_21-06-11-1024x768.jpg\" alt=\"\" class=\"wp-image-1229\" srcset=\"http:\/\/adriamusic.cat\/wp-content\/uploads\/2024\/04\/photo_2024-04-24_21-06-11-1024x768.jpg 1024w, http:\/\/adriamusic.cat\/wp-content\/uploads\/2024\/04\/photo_2024-04-24_21-06-11-300x225.jpg 300w, http:\/\/adriamusic.cat\/wp-content\/uploads\/2024\/04\/photo_2024-04-24_21-06-11-768x576.jpg 768w, http:\/\/adriamusic.cat\/wp-content\/uploads\/2024\/04\/photo_2024-04-24_21-06-11.jpg 1280w\" sizes=\"auto, (max-width: 767px) 89vw, (max-width: 1000px) 54vw, (max-width: 1071px) 543px, 580px\" \/><\/figure>\n\n\n\n<figure class=\"wp-block-image size-large\"><img loading=\"lazy\" decoding=\"async\" width=\"768\" height=\"1024\" data-id=\"1230\" src=\"http:\/\/adriamusic.cat\/wp-content\/uploads\/2024\/04\/photo_2024-04-24_21-06-10-2-768x1024.jpg\" alt=\"\" class=\"wp-image-1230\" srcset=\"http:\/\/adriamusic.cat\/wp-content\/uploads\/2024\/04\/photo_2024-04-24_21-06-10-2-768x1024.jpg 768w, http:\/\/adriamusic.cat\/wp-content\/uploads\/2024\/04\/photo_2024-04-24_21-06-10-2-225x300.jpg 225w, http:\/\/adriamusic.cat\/wp-content\/uploads\/2024\/04\/photo_2024-04-24_21-06-10-2.jpg 960w\" sizes=\"auto, (max-width: 767px) 89vw, (max-width: 1000px) 54vw, (max-width: 1071px) 543px, 580px\" \/><\/figure>\n<\/figure>\n\n\n\n<p><strong>Cr\u00e8dits<\/strong><\/p>\n\n\n\n<p>\u00abTerras de abbundu\u00bb<br>Original de Woody Guthrie \/ Adaptador: Adri\u00e0 Mart\u00edn Mor.<br>\u00a9 Copyright de LUDLOW MUSIC INC<br>Edici\u00f3 autoritzada per TRO MUSICA ESPA\u00d1A S L<\/p>\n\n\n\n<p>Cantants:<br>Adri\u00e0 Mor (sard)<br>Matteo Leone (tabarqu\u00ed)<br>Davide Casu (alguer\u00e8s)<br>Federico Marras Perantoni (turrit\u00e0)<br>Adri\u00e0 Mor (gal\u00b7lur\u00e8s)<\/p>\n\n\n\n<p>Viol\u00ed i viola: Dario Pinna<br>Producci\u00f3 musical: Antonio &#8216;Papant\u00f2&#8217; Leardi<\/p>\n\n\n\n<p>Enregistraments:<br>Benz Lutumama<br>Eric Cohen<br>Daniel Herrera<br>Marco Fais<\/p>\n\n\n\n<p>Muntatge v\u00eddeo:<br>Manuel Soro<br>Adri\u00e0 Mor<\/p>\n\n\n\n<p>Traduccions:<br>Francesc Ballone (catal\u00e0 de l&#8217;Alguer)<br>Riccardo Mura (gadduresu)<br>Remigio Scopelliti (tabarchinu)<br>Alessandro Derr\u00f9 (turritanu)<br>Adri\u00e0 Mor (sardu)<\/p>\n\n\n\n<p>Disseny: Tere Borrell<br>Edici\u00f3 gr\u00e0fica: Camilla Richetti<\/p>\n\n\n\n<p>Agra\u00efments:<br>Daniela Su\u00e1rez<br>Marzia Varaldo<\/p>\n\n\n\n<p>Matondo:<br>Benz, Dorkas, Hero<\/p>\n\n\n\n<p>Una producci\u00f3 Roble Factory.<\/p>\n","protected":false},"excerpt":{"rendered":"<p>Hist\u00f2ria Vaig sentir per primer cop \u00abPastures of Plenty\u00bb en aquesta encisadora versi\u00f3 en directe de Joan Baez, d&#8217;una solemnitat quasi m\u00edstica. No sabia res de l&#8217;autor original de la can\u00e7\u00f3, Woody Guthrie, ni del fet que la va escriure fa vuitanta anys. Per\u00f2 la vaig cantar, en angl\u00e8s, en la meva primera actuaci\u00f3 als &hellip; <\/p>\n<p class=\"link-more\"><a href=\"http:\/\/adriamusic.cat\/index.php\/2024-terras-de-abbundu\/\" class=\"more-link\">Continua llegint <span class=\"screen-reader-text\">\u00ab2024 &#8211; Terras de abbundu\u00bb<\/span><\/a><\/p>\n","protected":false},"author":1,"featured_media":0,"parent":0,"menu_order":0,"comment_status":"closed","ping_status":"closed","template":"","meta":{"footnotes":""},"class_list":["post-1199","page","type-page","status-publish","hentry"],"_links":{"self":[{"href":"http:\/\/adriamusic.cat\/index.php\/wp-json\/wp\/v2\/pages\/1199","targetHints":{"allow":["GET"]}}],"collection":[{"href":"http:\/\/adriamusic.cat\/index.php\/wp-json\/wp\/v2\/pages"}],"about":[{"href":"http:\/\/adriamusic.cat\/index.php\/wp-json\/wp\/v2\/types\/page"}],"author":[{"embeddable":true,"href":"http:\/\/adriamusic.cat\/index.php\/wp-json\/wp\/v2\/users\/1"}],"replies":[{"embeddable":true,"href":"http:\/\/adriamusic.cat\/index.php\/wp-json\/wp\/v2\/comments?post=1199"}],"version-history":[{"count":10,"href":"http:\/\/adriamusic.cat\/index.php\/wp-json\/wp\/v2\/pages\/1199\/revisions"}],"predecessor-version":[{"id":1433,"href":"http:\/\/adriamusic.cat\/index.php\/wp-json\/wp\/v2\/pages\/1199\/revisions\/1433"}],"wp:attachment":[{"href":"http:\/\/adriamusic.cat\/index.php\/wp-json\/wp\/v2\/media?parent=1199"}],"curies":[{"name":"wp","href":"https:\/\/api.w.org\/{rel}","templated":true}]}}